{"id":6924,"date":"2025-06-23T16:13:18","date_gmt":"2025-06-23T14:13:18","guid":{"rendered":"https:\/\/ehin.no\/2025\/?post_type=speaker&#038;p=6924"},"modified":"2025-10-02T10:16:24","modified_gmt":"2025-10-02T08:16:24","slug":"bjornar-alexander-andreassen","status":"publish","type":"speaker","link":"https:\/\/ehin.no\/2025\/speakers\/bjornar-alexander-andreassen\/","title":{"rendered":"Bj\u00f8rnar Alexander Andreassen\u00a0"},"content":{"rendered":"\n<p>Bj\u00f8rnar Alexander Andreassen er spesialr\u00e5dgiver helseteknologi i Helsedirektoratet. Han er fagansvarlig for velferdsteknologi, digital hjemmeoppf\u00f8lging og hjemmesykehus. Han var tidligere programleder for Nasjonalt velferdsteknologiprogram. Han har jobbet i spesialisthelsetjenesten, helse- og omsorgstjenesten i kommunen og privat ideell sektor i 15 \u00e5r, f\u00f8r han de siste 15 \u00e5rene har jobbet i Helsedirektoratet. Utdannelse: Fysioterapeut, Bachelor of Management, Master i Helseadministrasjon.<\/p>\n\n\n\n<hr class=\"wp-block-separator has-alpha-channel-opacity\"\/>\n\n\n\n<p>Bj\u00f8rnar Alexander Andreassen is a special advisor for health technology at the Norwegian Directorate of Health. He is responsible for welfare technology, digital home monitoring, and hospital-at-home services. Previously, he was program director for the National Welfare Technology Program. He has 15 years of experience working in specialist health services, municipal health and care services, and the non-profit sector, followed by the last 15 years at the Directorate of Health. Education: Physiotherapist, Bachelor of Management, Master\u2019s in Health Administration.<br><br><\/p>\n","protected":false},"excerpt":{"rendered":"<p>Bj\u00f8rnar Alexander Andreassen er spesialr\u00e5dgiver helseteknologi i Helsedirektoratet. Han er fagansvarlig for velferdsteknologi, digital hjemmeoppf\u00f8lging og hjemmesykehus. Han var tidligere programleder for Nasjonalt velferdsteknologiprogram. Han har jobbet i spesialisthelsetjenesten, helse- og omsorgstjenesten i kommunen og privat ideell sektor i 15 \u00e5r, f\u00f8r han de siste 15 \u00e5rene har jobbet i Helsedirektoratet. Utdannelse: Fysioterapeut, Bachelor of [&hellip;]<\/p>\n","protected":false},"featured_media":6925,"template":"","speakertype":[],"class_list":["post-6924","speaker","type-speaker","status-publish","has-post-thumbnail","hentry"],"acf":[],"yoast_head":"<!-- This site is optimized with the Yoast SEO plugin v26.1.1 - https:\/\/yoast.com\/wordpress\/plugins\/seo\/ -->\n<title>Bj\u00f8rnar Alexander Andreassen\u00a0 - EHIN 2025<\/title>\n<meta name=\"robots\" content=\"index, follow, max-snippet:-1, max-image-preview:large, max-video-preview:-1\" \/>\n<link rel=\"canonical\" href=\"https:\/\/ehin.no\/2025\/speakers\/bjornar-alexander-andreassen\/\" \/>\n<meta property=\"og:locale\" content=\"nb_NO\" \/>\n<meta property=\"og:type\" content=\"article\" \/>\n<meta property=\"og:title\" content=\"Bj\u00f8rnar Alexander Andreassen\u00a0 - EHIN 2025\" \/>\n<meta property=\"og:description\" content=\"Bj\u00f8rnar Alexander Andreassen er spesialr\u00e5dgiver helseteknologi i Helsedirektoratet. Han er fagansvarlig for velferdsteknologi, digital hjemmeoppf\u00f8lging og hjemmesykehus. Han var tidligere programleder for Nasjonalt velferdsteknologiprogram. Han har jobbet i spesialisthelsetjenesten, helse- og omsorgstjenesten i kommunen og privat ideell sektor i 15 \u00e5r, f\u00f8r han de siste 15 \u00e5rene har jobbet i Helsedirektoratet. Utdannelse: Fysioterapeut, Bachelor of [&hellip;]\" \/>\n<meta property=\"og:url\" content=\"https:\/\/ehin.no\/2025\/speakers\/bjornar-alexander-andreassen\/\" \/>\n<meta property=\"og:site_name\" content=\"EHIN 2025\" \/>\n<meta property=\"article:modified_time\" content=\"2025-10-02T08:16:24+00:00\" \/>\n<meta property=\"og:image\" content=\"https:\/\/ehin.no\/2025\/wp-content\/uploads\/sites\/9\/2025\/06\/Bjornar-Alexander-Andreassen.jpg\" \/>\n\t<meta property=\"og:image:width\" content=\"1536\" \/>\n\t<meta property=\"og:image:height\" content=\"1536\" \/>\n\t<meta property=\"og:image:type\" content=\"image\/jpeg\" \/>\n<meta name=\"twitter:card\" content=\"summary_large_image\" \/>\n<meta name=\"twitter:label1\" content=\"Ansl. lesetid\" \/>\n\t<meta name=\"twitter:data1\" content=\"1 minutt\" \/>\n<script type=\"application\/ld+json\" class=\"yoast-schema-graph\">{\"@context\":\"https:\/\/schema.org\",\"@graph\":[{\"@type\":\"WebPage\",\"@id\":\"https:\/\/ehin.no\/2025\/speakers\/bjornar-alexander-andreassen\/\",\"url\":\"https:\/\/ehin.no\/2025\/speakers\/bjornar-alexander-andreassen\/\",\"name\":\"Bj\u00f8rnar Alexander Andreassen\u00a0 - EHIN 2025\",\"isPartOf\":{\"@id\":\"https:\/\/ehin.no\/2025\/#website\"},\"primaryImageOfPage\":{\"@id\":\"https:\/\/ehin.no\/2025\/speakers\/bjornar-alexander-andreassen\/#primaryimage\"},\"image\":{\"@id\":\"https:\/\/ehin.no\/2025\/speakers\/bjornar-alexander-andreassen\/#primaryimage\"},\"thumbnailUrl\":\"https:\/\/ehin.no\/2025\/wp-content\/uploads\/sites\/9\/2025\/06\/Bjornar-Alexander-Andreassen.jpg\",\"datePublished\":\"2025-06-23T14:13:18+00:00\",\"dateModified\":\"2025-10-02T08:16:24+00:00\",\"breadcrumb\":{\"@id\":\"https:\/\/ehin.no\/2025\/speakers\/bjornar-alexander-andreassen\/#breadcrumb\"},\"inLanguage\":\"nb-NO\",\"potentialAction\":[{\"@type\":\"ReadAction\",\"target\":[\"https:\/\/ehin.no\/2025\/speakers\/bjornar-alexander-andreassen\/\"]}]},{\"@type\":\"ImageObject\",\"inLanguage\":\"nb-NO\",\"@id\":\"https:\/\/ehin.no\/2025\/speakers\/bjornar-alexander-andreassen\/#primaryimage\",\"url\":\"https:\/\/ehin.no\/2025\/wp-content\/uploads\/sites\/9\/2025\/06\/Bjornar-Alexander-Andreassen.jpg\",\"contentUrl\":\"https:\/\/ehin.no\/2025\/wp-content\/uploads\/sites\/9\/2025\/06\/Bjornar-Alexander-Andreassen.jpg\",\"width\":1536,\"height\":1536},{\"@type\":\"BreadcrumbList\",\"@id\":\"https:\/\/ehin.no\/2025\/speakers\/bjornar-alexander-andreassen\/#breadcrumb\",\"itemListElement\":[{\"@type\":\"ListItem\",\"position\":1,\"name\":\"Hjem\",\"item\":\"https:\/\/ehin.no\/2025\/\"},{\"@type\":\"ListItem\",\"position\":2,\"name\":\"Bj\u00f8rnar Alexander Andreassen\u00a0\"}]},{\"@type\":\"WebSite\",\"@id\":\"https:\/\/ehin.no\/2025\/#website\",\"url\":\"https:\/\/ehin.no\/2025\/\",\"name\":\"EHIN 2025\",\"description\":\"\",\"potentialAction\":[{\"@type\":\"SearchAction\",\"target\":{\"@type\":\"EntryPoint\",\"urlTemplate\":\"https:\/\/ehin.no\/2025\/?s={search_term_string}\"},\"query-input\":{\"@type\":\"PropertyValueSpecification\",\"valueRequired\":true,\"valueName\":\"search_term_string\"}}],\"inLanguage\":\"nb-NO\"}]}<\/script>\n<!-- \/ Yoast SEO plugin. -->","yoast_head_json":{"title":"Bj\u00f8rnar Alexander Andreassen\u00a0 - EHIN 2025","robots":{"index":"index","follow":"follow","max-snippet":"max-snippet:-1","max-image-preview":"max-image-preview:large","max-video-preview":"max-video-preview:-1"},"canonical":"https:\/\/ehin.no\/2025\/speakers\/bjornar-alexander-andreassen\/","og_locale":"nb_NO","og_type":"article","og_title":"Bj\u00f8rnar Alexander Andreassen\u00a0 - EHIN 2025","og_description":"Bj\u00f8rnar Alexander Andreassen er spesialr\u00e5dgiver helseteknologi i Helsedirektoratet. Han er fagansvarlig for velferdsteknologi, digital hjemmeoppf\u00f8lging og hjemmesykehus. Han var tidligere programleder for Nasjonalt velferdsteknologiprogram. Han har jobbet i spesialisthelsetjenesten, helse- og omsorgstjenesten i kommunen og privat ideell sektor i 15 \u00e5r, f\u00f8r han de siste 15 \u00e5rene har jobbet i Helsedirektoratet. Utdannelse: Fysioterapeut, Bachelor of [&hellip;]","og_url":"https:\/\/ehin.no\/2025\/speakers\/bjornar-alexander-andreassen\/","og_site_name":"EHIN 2025","article_modified_time":"2025-10-02T08:16:24+00:00","og_image":[{"width":1536,"height":1536,"url":"https:\/\/ehin.no\/2025\/wp-content\/uploads\/sites\/9\/2025\/06\/Bjornar-Alexander-Andreassen.jpg","type":"image\/jpeg"}],"twitter_card":"summary_large_image","twitter_misc":{"Ansl. lesetid":"1 minutt"},"schema":{"@context":"https:\/\/schema.org","@graph":[{"@type":"WebPage","@id":"https:\/\/ehin.no\/2025\/speakers\/bjornar-alexander-andreassen\/","url":"https:\/\/ehin.no\/2025\/speakers\/bjornar-alexander-andreassen\/","name":"Bj\u00f8rnar Alexander Andreassen\u00a0 - EHIN 2025","isPartOf":{"@id":"https:\/\/ehin.no\/2025\/#website"},"primaryImageOfPage":{"@id":"https:\/\/ehin.no\/2025\/speakers\/bjornar-alexander-andreassen\/#primaryimage"},"image":{"@id":"https:\/\/ehin.no\/2025\/speakers\/bjornar-alexander-andreassen\/#primaryimage"},"thumbnailUrl":"https:\/\/ehin.no\/2025\/wp-content\/uploads\/sites\/9\/2025\/06\/Bjornar-Alexander-Andreassen.jpg","datePublished":"2025-06-23T14:13:18+00:00","dateModified":"2025-10-02T08:16:24+00:00","breadcrumb":{"@id":"https:\/\/ehin.no\/2025\/speakers\/bjornar-alexander-andreassen\/#breadcrumb"},"inLanguage":"nb-NO","potentialAction":[{"@type":"ReadAction","target":["https:\/\/ehin.no\/2025\/speakers\/bjornar-alexander-andreassen\/"]}]},{"@type":"ImageObject","inLanguage":"nb-NO","@id":"https:\/\/ehin.no\/2025\/speakers\/bjornar-alexander-andreassen\/#primaryimage","url":"https:\/\/ehin.no\/2025\/wp-content\/uploads\/sites\/9\/2025\/06\/Bjornar-Alexander-Andreassen.jpg","contentUrl":"https:\/\/ehin.no\/2025\/wp-content\/uploads\/sites\/9\/2025\/06\/Bjornar-Alexander-Andreassen.jpg","width":1536,"height":1536},{"@type":"BreadcrumbList","@id":"https:\/\/ehin.no\/2025\/speakers\/bjornar-alexander-andreassen\/#breadcrumb","itemListElement":[{"@type":"ListItem","position":1,"name":"Hjem","item":"https:\/\/ehin.no\/2025\/"},{"@type":"ListItem","position":2,"name":"Bj\u00f8rnar Alexander Andreassen\u00a0"}]},{"@type":"WebSite","@id":"https:\/\/ehin.no\/2025\/#website","url":"https:\/\/ehin.no\/2025\/","name":"EHIN 2025","description":"","potentialAction":[{"@type":"SearchAction","target":{"@type":"EntryPoint","urlTemplate":"https:\/\/ehin.no\/2025\/?s={search_term_string}"},"query-input":{"@type":"PropertyValueSpecification","valueRequired":true,"valueName":"search_term_string"}}],"inLanguage":"nb-NO"}]}},"speaker_title":"Spesialr\u00e5dgiver helseteknologi, Helsedirektoratet","_links":{"self":[{"href":"https:\/\/ehin.no\/2025\/wp-json\/wp\/v2\/speaker\/6924","targetHints":{"allow":["GET","POST","PUT","PATCH","DELETE"]}}],"collection":[{"href":"https:\/\/ehin.no\/2025\/wp-json\/wp\/v2\/speaker"}],"about":[{"href":"https:\/\/ehin.no\/2025\/wp-json\/wp\/v2\/types\/speaker"}],"wp:featuredmedia":[{"embeddable":true,"href":"https:\/\/ehin.no\/2025\/wp-json\/wp\/v2\/media\/6925"}],"wp:attachment":[{"href":"https:\/\/ehin.no\/2025\/wp-json\/wp\/v2\/media?parent=6924"}],"wp:term":[{"taxonomy":"speakertype","embeddable":true,"href":"https:\/\/ehin.no\/2025\/wp-json\/wp\/v2\/speakertype?post=6924"}],"curies":[{"name":"wp","href":"https:\/\/api.w.org\/{rel}","templated":true}]}}